{"id":3386,"date":"2022-01-18T11:56:45","date_gmt":"2022-01-18T19:56:45","guid":{"rendered":"https:\/\/seiu6.org\/acerca-de-seiu6\/"},"modified":"2022-09-20T16:31:11","modified_gmt":"2022-09-20T23:31:11","slug":"acerca-de-seiu6","status":"publish","type":"page","link":"https:\/\/seiu6.org\/es\/acerca-de-seiu6\/","title":{"rendered":"Acerca de SEIU6"},"content":{"rendered":"\n<p>SEIU6 Property Services NW proudly represents a diverse workforce of more than 10,000 janitors, security officers, airport passenger service workers and allied industries workers in Washington state. SEIU6 also represents stadium workers, and barbers. By joining together, our members have a better chance to get the wages, benefits and opportunities they deserve.<\/p>\n\n<p>Muchos miembros de SEIU6 son inmigrantes que hablan idiomas como espa\u00f1ol, somal\u00ed, vietnamita, am\u00e1rico y otros. Nuestro compromiso es garantizar que todos los miembros tengan acceso a la informaci\u00f3n que necesitan para proteger sus derechos.<\/p>\n\n<p>SEIU6 fue fundada por un grupo de conserjes del teatro de Seattle y se convirti\u00f3 en uno de los Locals originales de la Service Employees International Union en 1921. SEIU representa a m\u00e1s de dos millones de trabajadores del \u00e1rea de servicios en los Estados Unidos, y se enorgullece de contar con los miembros y el liderazgo m\u00e1s diversos en el movimiento laboral.<\/p>\n\n<div class=\"wp-block-cover alignfull\" style=\"min-height:625px;aspect-ratio:unset;\"><span aria-hidden=\"true\" class=\"wp-block-cover__background has-background-dim-0 has-background-dim\"><\/span><img loading=\"lazy\" decoding=\"async\" width=\"1366\" height=\"625\" class=\"wp-block-cover__image-background wp-image-2979\" alt=\"\" src=\"https:\/\/seiu6.org\/wp-content\/uploads\/2021\/08\/Photo-mask-group@2x.jpg\" data-object-fit=\"cover\" srcset=\"https:\/\/seiu6.org\/wp-content\/uploads\/2021\/08\/Photo-mask-group@2x.jpg 1366w, https:\/\/seiu6.org\/wp-content\/uploads\/2021\/08\/Photo-mask-group@2x-408x187.jpg 408w, https:\/\/seiu6.org\/wp-content\/uploads\/2021\/08\/Photo-mask-group@2x-1024x469.jpg 1024w, https:\/\/seiu6.org\/wp-content\/uploads\/2021\/08\/Photo-mask-group@2x-768x351.jpg 768w\" sizes=\"auto, (max-width: 1366px) 100vw, 1366px\" \/><div class=\"wp-block-cover__inner-container is-layout-flow wp-block-cover-is-layout-flow\">\n<p class=\"has-text-align-center has-large-font-size\"><\/p>\n<\/div><\/div>\n\n<div class=\"wp-block-group alignfull section-cards has-purple-background-color has-background is-layout-flow wp-block-group-is-layout-flow\"><div class=\"wp-block-group__inner-container\">\n<h2 class=\"has-white-color has-text-color wp-block-heading\">Nuestra misi\u00f3n<\/h2>\n\n\n\n<p class=\"has-white-color has-text-color\">SEIU6 empodera a los trabajadores para que exijan justicia en el lugar de trabajo, y para que todos tengamos un futuro pr\u00f3spero, igualitario y seguro. Somos una organizaci\u00f3n multicultural, pluriling\u00fce que lucha por la justicia racial y social por medio de la acci\u00f3n colectiva.<\/p>\n\n\n\n<h3 class=\"font-primary has-white-color has-text-color wp-block-heading\">Logramos nuestra misi\u00f3n por medio de:<\/h3>\n\n\n\n<div style=\"height:15px\" aria-hidden=\"true\" class=\"wp-block-spacer\"><\/div>\n\n\n\n<div class=\"wp-block-columns is-layout-flex wp-container-core-columns-is-layout-28f84493 wp-block-columns-is-layout-flex\">\n<div class=\"wp-block-column has-white-background-color has-background is-layout-flow wp-block-column-is-layout-flow\">\n<p><strong>La motivaci\u00f3n, la capacitaci\u00f3n y el apoyo<\/strong> a nuestros miembros para que sean la voz y los l\u00edderes de nuestra uni\u00f3n<\/p>\n<\/div>\n\n\n\n<div class=\"wp-block-column mt-6 mt-md-0 has-white-background-color has-background is-layout-flow wp-block-column-is-layout-flow\">\n<p><strong>El desarrollo de una membres\u00eda unificada e informada<\/strong> que participe activamente en la vida de nuestra uni\u00f3n<\/p>\n<\/div>\n<\/div>\n\n\n\n<div class=\"wp-block-columns is-layout-flex wp-container-core-columns-is-layout-28f84493 wp-block-columns-is-layout-flex\">\n<div class=\"wp-block-column has-white-background-color has-background is-layout-flow wp-block-column-is-layout-flow\">\n<p><strong>La organizaci\u00f3n a fin de ampliar los beneficios<\/strong> de los miembros de nuestra uni\u00f3n a los trabajadores del \u00e1rea de servicios que no forman parte de ella, y asegurar el control de nuestras industrias y mercados laborales para proteger la seguridad de nuestros miembros y todo lo que han ganado con tanto esfuerzo<\/p>\n<\/div>\n\n\n\n<div class=\"wp-block-column mt-6 mt-md-0 has-white-background-color has-background is-layout-flow wp-block-column-is-layout-flow\">\n<p><strong>La negociaci\u00f3n de contratos<\/strong> que ayuden a crear una uni\u00f3n m\u00e1s fuerte al mejorar los salarios y las condiciones laborales y ampliar el rol de los miembros en la toma de decisiones del lugar de trabajo<\/p>\n<\/div>\n<\/div>\n\n\n\n<div class=\"wp-block-columns is-layout-flex wp-container-core-columns-is-layout-28f84493 wp-block-columns-is-layout-flex\">\n<div class=\"wp-block-column has-white-background-color has-background is-layout-flow wp-block-column-is-layout-flow\">\n<p><strong>La creaci\u00f3n de poder pol\u00edtico<\/strong> a fin de garantizar que se escuche la voz de los trabajadores en todas las esferas del Gobierno<\/p>\n<\/div>\n\n\n\n<div class=\"wp-block-column mt-6 mt-md-0 has-white-background-color has-background is-layout-flow wp-block-column-is-layout-flow\">\n<p><strong>El establecimiento de oportunidades econ\u00f3micas y la promoci\u00f3n de la justicia social<\/strong><\/p>\n<\/div>\n<\/div>\n\n\n\n<div class=\"wp-block-columns is-layout-flex wp-container-core-columns-is-layout-28f84493 wp-block-columns-is-layout-flex\">\n<div class=\"wp-block-column has-white-background-color has-background is-layout-flow wp-block-column-is-layout-flow\">\n<p><strong>La formaci\u00f3n de coaliciones y la solidaridad<\/strong> en nuestras actuaciones con otras organizaciones que comparten nuestro inter\u00e9s en la justicia racial, social y econ\u00f3mica<\/p>\n<\/div>\n\n\n\n<div class=\"wp-block-column is-layout-flow wp-block-column-is-layout-flow\">\n<p><\/p>\n<\/div>\n<\/div>\n<\/div><\/div>\n\n<div class=\"wp-block-group alignfull has-white-color has-magenta-background-color has-text-color has-background is-layout-flow wp-block-group-is-layout-flow\"><div class=\"wp-block-group__inner-container\">\n<div class=\"wp-block-columns are-vertically-aligned-center flex-column flex-md-row is-layout-flex wp-container-core-columns-is-layout-28f84493 wp-block-columns-is-layout-flex\">\n<div class=\"wp-block-column is-vertically-aligned-center is-layout-flow wp-block-column-is-layout-flow\" style=\"flex-basis:40%\">\n<h3 class=\"font-primary has-white-color has-text-color wp-block-heading\">Juntos somos m\u00e1s fuertes.<\/h3>\n<\/div>\n\n\n\n<div class=\"wp-block-column is-vertically-aligned-center ml-0 mt-4 ml-md-6 mt-md-0 is-layout-flow wp-block-column-is-layout-flow\" style=\"flex-basis:60%\">\n<div class=\"wp-block-buttons is-layout-flex wp-block-buttons-is-layout-flex\">\n<div class=\"wp-block-button is-secondary\"><a class=\"wp-block-button__link\" href=\"https:\/\/seiu6.joinlocal.org\/\" target=\"_blank\" rel=\"noreferrer noopener\">\u00danase a SEIU6<\/a><\/div>\n<\/div>\n<\/div>\n<\/div>\n<\/div><\/div>\n","protected":false},"excerpt":{"rendered":"<p>SEIU6 Property Services NW proudly represents a diverse workforce of more than 10,000 janitors, security officers, airport passenger service workers and allied industries workers in Washington state. SEIU6 also represents stadium workers, and barbers. By joining together, our members have a better chance to get the wages, benefits and opportunities they deserve.<\/p>\n<p>Muchos miembros de SEIU6 [&#8230;]<\/p>\n","protected":false},"author":2,"featured_media":0,"parent":0,"menu_order":0,"comment_status":"closed","ping_status":"closed","template":"","meta":{"_acf_changed":false,"inline_featured_image":false,"footnotes":""},"class_list":["post-3386","page","type-page","status-publish","hentry"],"acf":[],"yoast_head":"<!-- This site is optimized with the Yoast SEO plugin v24.6 - https:\/\/yoast.com\/wordpress\/plugins\/seo\/ -->\n<title>Acerca de SEIU6 - SEIU6<\/title>\n<meta name=\"robots\" content=\"index, follow, max-snippet:-1, max-image-preview:large, max-video-preview:-1\" \/>\n<link rel=\"canonical\" href=\"https:\/\/seiu6.org\/es\/acerca-de-seiu6\/\" \/>\n<meta property=\"og:locale\" content=\"es_ES\" \/>\n<meta property=\"og:type\" content=\"article\" \/>\n<meta property=\"og:title\" content=\"Acerca de SEIU6 - SEIU6\" \/>\n<meta property=\"og:description\" content=\"SEIU6 Property Services NW proudly represents a diverse workforce of more than 10,000 janitors, security officers, airport passenger service workers and allied industries workers in Washington state. SEIU6 also represents stadium workers, and barbers. By joining together, our members have a better chance to get the wages, benefits and opportunities they deserve. Muchos miembros de SEIU6 [...]\" \/>\n<meta property=\"og:url\" content=\"https:\/\/seiu6.org\/es\/acerca-de-seiu6\/\" \/>\n<meta property=\"og:site_name\" content=\"SEIU6\" \/>\n<meta property=\"article:modified_time\" content=\"2022-09-20T23:31:11+00:00\" \/>\n<meta property=\"og:image\" content=\"https:\/\/seiu6.org\/wp-content\/uploads\/2021\/08\/Photo-mask-group@2x.jpg\" \/>\n<meta name=\"twitter:card\" content=\"summary_large_image\" \/>\n<meta name=\"twitter:label1\" content=\"Tiempo de lectura\" \/>\n\t<meta name=\"twitter:data1\" content=\"2 minutos\" \/>\n<script type=\"application\/ld+json\" class=\"yoast-schema-graph\">{\"@context\":\"https:\/\/schema.org\",\"@graph\":[{\"@type\":\"WebPage\",\"@id\":\"https:\/\/seiu6.org\/es\/acerca-de-seiu6\/\",\"url\":\"https:\/\/seiu6.org\/es\/acerca-de-seiu6\/\",\"name\":\"Acerca de SEIU6 - SEIU6\",\"isPartOf\":{\"@id\":\"https:\/\/seiu6.org\/es\/#website\"},\"primaryImageOfPage\":{\"@id\":\"https:\/\/seiu6.org\/es\/acerca-de-seiu6\/#primaryimage\"},\"image\":{\"@id\":\"https:\/\/seiu6.org\/es\/acerca-de-seiu6\/#primaryimage\"},\"thumbnailUrl\":\"https:\/\/seiu6.org\/wp-content\/uploads\/2021\/08\/Photo-mask-group@2x.jpg\",\"datePublished\":\"2022-01-18T19:56:45+00:00\",\"dateModified\":\"2022-09-20T23:31:11+00:00\",\"breadcrumb\":{\"@id\":\"https:\/\/seiu6.org\/es\/acerca-de-seiu6\/#breadcrumb\"},\"inLanguage\":\"es\",\"potentialAction\":[{\"@type\":\"ReadAction\",\"target\":[\"https:\/\/seiu6.org\/es\/acerca-de-seiu6\/\"]}]},{\"@type\":\"ImageObject\",\"inLanguage\":\"es\",\"@id\":\"https:\/\/seiu6.org\/es\/acerca-de-seiu6\/#primaryimage\",\"url\":\"https:\/\/seiu6.org\/wp-content\/uploads\/2021\/08\/Photo-mask-group@2x.jpg\",\"contentUrl\":\"https:\/\/seiu6.org\/wp-content\/uploads\/2021\/08\/Photo-mask-group@2x.jpg\"},{\"@type\":\"BreadcrumbList\",\"@id\":\"https:\/\/seiu6.org\/es\/acerca-de-seiu6\/#breadcrumb\",\"itemListElement\":[{\"@type\":\"ListItem\",\"position\":1,\"name\":\"Home\",\"item\":\"https:\/\/seiu6.org\/es\/\"},{\"@type\":\"ListItem\",\"position\":2,\"name\":\"Acerca de SEIU6\"}]},{\"@type\":\"WebSite\",\"@id\":\"https:\/\/seiu6.org\/es\/#website\",\"url\":\"https:\/\/seiu6.org\/es\/\",\"name\":\"SEIU6\",\"description\":\"Property Services NW\",\"publisher\":{\"@id\":\"https:\/\/seiu6.org\/es\/#organization\"},\"potentialAction\":[{\"@type\":\"SearchAction\",\"target\":{\"@type\":\"EntryPoint\",\"urlTemplate\":\"https:\/\/seiu6.org\/es\/?s={search_term_string}\"},\"query-input\":{\"@type\":\"PropertyValueSpecification\",\"valueRequired\":true,\"valueName\":\"search_term_string\"}}],\"inLanguage\":\"es\"},{\"@type\":\"Organization\",\"@id\":\"https:\/\/seiu6.org\/es\/#organization\",\"name\":\"SEIU6 Property Services NW\",\"url\":\"https:\/\/seiu6.org\/es\/\",\"logo\":{\"@type\":\"ImageObject\",\"inLanguage\":\"es\",\"@id\":\"https:\/\/seiu6.org\/es\/#\/schema\/logo\/image\/\",\"url\":\"https:\/\/seiu6.org\/wp-content\/uploads\/2021\/08\/Logo-Color-SEIU6.svg\",\"contentUrl\":\"https:\/\/seiu6.org\/wp-content\/uploads\/2021\/08\/Logo-Color-SEIU6.svg\",\"width\":\"1024\",\"height\":\"1024\",\"caption\":\"SEIU6 Property Services NW\"},\"image\":{\"@id\":\"https:\/\/seiu6.org\/es\/#\/schema\/logo\/image\/\"}}]}<\/script>\n<!-- \/ Yoast SEO plugin. -->","yoast_head_json":{"title":"Acerca de SEIU6 - SEIU6","robots":{"index":"index","follow":"follow","max-snippet":"max-snippet:-1","max-image-preview":"max-image-preview:large","max-video-preview":"max-video-preview:-1"},"canonical":"https:\/\/seiu6.org\/es\/acerca-de-seiu6\/","og_locale":"es_ES","og_type":"article","og_title":"Acerca de SEIU6 - SEIU6","og_description":"SEIU6 Property Services NW proudly represents a diverse workforce of more than 10,000 janitors, security officers, airport passenger service workers and allied industries workers in Washington state. SEIU6 also represents stadium workers, and barbers. By joining together, our members have a better chance to get the wages, benefits and opportunities they deserve. Muchos miembros de SEIU6 [...]","og_url":"https:\/\/seiu6.org\/es\/acerca-de-seiu6\/","og_site_name":"SEIU6","article_modified_time":"2022-09-20T23:31:11+00:00","og_image":[{"url":"https:\/\/seiu6.org\/wp-content\/uploads\/2021\/08\/Photo-mask-group@2x.jpg","type":"","width":"","height":""}],"twitter_card":"summary_large_image","twitter_misc":{"Tiempo de lectura":"2 minutos"},"schema":{"@context":"https:\/\/schema.org","@graph":[{"@type":"WebPage","@id":"https:\/\/seiu6.org\/es\/acerca-de-seiu6\/","url":"https:\/\/seiu6.org\/es\/acerca-de-seiu6\/","name":"Acerca de SEIU6 - SEIU6","isPartOf":{"@id":"https:\/\/seiu6.org\/es\/#website"},"primaryImageOfPage":{"@id":"https:\/\/seiu6.org\/es\/acerca-de-seiu6\/#primaryimage"},"image":{"@id":"https:\/\/seiu6.org\/es\/acerca-de-seiu6\/#primaryimage"},"thumbnailUrl":"https:\/\/seiu6.org\/wp-content\/uploads\/2021\/08\/Photo-mask-group@2x.jpg","datePublished":"2022-01-18T19:56:45+00:00","dateModified":"2022-09-20T23:31:11+00:00","breadcrumb":{"@id":"https:\/\/seiu6.org\/es\/acerca-de-seiu6\/#breadcrumb"},"inLanguage":"es","potentialAction":[{"@type":"ReadAction","target":["https:\/\/seiu6.org\/es\/acerca-de-seiu6\/"]}]},{"@type":"ImageObject","inLanguage":"es","@id":"https:\/\/seiu6.org\/es\/acerca-de-seiu6\/#primaryimage","url":"https:\/\/seiu6.org\/wp-content\/uploads\/2021\/08\/Photo-mask-group@2x.jpg","contentUrl":"https:\/\/seiu6.org\/wp-content\/uploads\/2021\/08\/Photo-mask-group@2x.jpg"},{"@type":"BreadcrumbList","@id":"https:\/\/seiu6.org\/es\/acerca-de-seiu6\/#breadcrumb","itemListElement":[{"@type":"ListItem","position":1,"name":"Home","item":"https:\/\/seiu6.org\/es\/"},{"@type":"ListItem","position":2,"name":"Acerca de SEIU6"}]},{"@type":"WebSite","@id":"https:\/\/seiu6.org\/es\/#website","url":"https:\/\/seiu6.org\/es\/","name":"SEIU6","description":"Property Services NW","publisher":{"@id":"https:\/\/seiu6.org\/es\/#organization"},"potentialAction":[{"@type":"SearchAction","target":{"@type":"EntryPoint","urlTemplate":"https:\/\/seiu6.org\/es\/?s={search_term_string}"},"query-input":{"@type":"PropertyValueSpecification","valueRequired":true,"valueName":"search_term_string"}}],"inLanguage":"es"},{"@type":"Organization","@id":"https:\/\/seiu6.org\/es\/#organization","name":"SEIU6 Property Services NW","url":"https:\/\/seiu6.org\/es\/","logo":{"@type":"ImageObject","inLanguage":"es","@id":"https:\/\/seiu6.org\/es\/#\/schema\/logo\/image\/","url":"https:\/\/seiu6.org\/wp-content\/uploads\/2021\/08\/Logo-Color-SEIU6.svg","contentUrl":"https:\/\/seiu6.org\/wp-content\/uploads\/2021\/08\/Logo-Color-SEIU6.svg","width":"1024","height":"1024","caption":"SEIU6 Property Services NW"},"image":{"@id":"https:\/\/seiu6.org\/es\/#\/schema\/logo\/image\/"}}]}},"_links":{"self":[{"href":"https:\/\/seiu6.org\/es\/wp-json\/wp\/v2\/pages\/3386","targetHints":{"allow":["GET"]}}],"collection":[{"href":"https:\/\/seiu6.org\/es\/wp-json\/wp\/v2\/pages"}],"about":[{"href":"https:\/\/seiu6.org\/es\/wp-json\/wp\/v2\/types\/page"}],"author":[{"embeddable":true,"href":"https:\/\/seiu6.org\/es\/wp-json\/wp\/v2\/users\/2"}],"replies":[{"embeddable":true,"href":"https:\/\/seiu6.org\/es\/wp-json\/wp\/v2\/comments?post=3386"}],"version-history":[{"count":0,"href":"https:\/\/seiu6.org\/es\/wp-json\/wp\/v2\/pages\/3386\/revisions"}],"wp:attachment":[{"href":"https:\/\/seiu6.org\/es\/wp-json\/wp\/v2\/media?parent=3386"}],"curies":[{"name":"wp","href":"https:\/\/api.w.org\/{rel}","templated":true}]}}